{"id":1698,"date":"2022-02-19T12:30:28","date_gmt":"2022-02-19T12:30:28","guid":{"rendered":"http:\/\/solexpert.angelquereda.com\/?page_id=1698"},"modified":"2022-02-19T12:30:30","modified_gmt":"2022-02-19T12:30:30","slug":"politica-de-cookies-2","status":"publish","type":"page","link":"https:\/\/solexpert.es\/es\/politica-de-cookies-2\/","title":{"rendered":"Pol\u00edtica de Cookies"},"content":{"rendered":"\n<p>QDQ MEDIA SAU no \u00e9s responsable de la recollida de dades personals als usuaris en aquest apartat, ni ser\u00e0 l\u2019encarregat del tractament dels mateixos.<\/p>\n\n\n\n<p>Als efectes del compliment del Reglament (UE) 2016\/679 del Parlament Europeu, del 27 d\u2019abril (GDPR), i la Llei Org\u00e0nica 3\/2018, de Protecci\u00f3 de Dades Personals i garantia dels drets digitals de 5 de desembre (LOPDGDD ), s\u2019estableix la seg\u00fcent informaci\u00f3:<br>Responsable Tractament Ra\u00f3 social: METALLS LLANCA, S.L. NIF\/CIF: B55060370 Adre\u00e7a: C\/ Camprodon, 2 17490 Llan\u00e7\u00e0 Girona Correu: metallsllanca@gmail.com<br>Finalitat Es tracta la informaci\u00f3 que ens faciliten les persones interessades a trav\u00e9s de qualsevol dels diferents formularis que es posen a la seva disposici\u00f3 a la p\u00e0gina web, a fi de gestionar l\u2019enviament de la informaci\u00f3 que ens sol\u00b7licitin, podent elaborar-se, si cal , un perfil comercial, sobre la base de la informaci\u00f3 facilitada. No es prendran decisions automatitzades en base a aquest perfil. Les dades personals proporcionades es conservaran mentre es mantingui la relaci\u00f3 mercantil, i no se sol\u00b7licite la supressi\u00f3 per l\u2019interessat.<br>Legitimaci\u00f3 Se sol\u00b7licita el consentiment de l\u2019interessat per al tractament de les vostres dades i l\u2019oferta prospectiva de productes i serveis.<br>Destinataris Les dades personals no se cediran a tercers, excepte si escau, altres empreses de grup per a fins administratius interns.<br>Drets Els interessats tenen dret a accedir a les seves dades personals, aix\u00ed com a sol\u00b7licitar la rectificaci\u00f3 de les dades inexactes o, si escau, sol\u00b7licitar la seva supressi\u00f3 quan les dades ja no siguin necess\u00e0ries per als fins que van ser recollits. Els interessats en determinades circumst\u00e0ncies tamb\u00e9 podran limitar o oposar-se al tractament de les seves dades, aix\u00ed com sol\u00b7licitar-ne la portabilitat. Tamb\u00e9 tindr\u00e0 dret a retirar el consentiment ia presentar una queixa davant l\u2019Autoritat de Control. Per exercir els vostres drets heu d\u2019adre\u00e7ar-vos al Responsable a l\u2019adre\u00e7a que figura al primer quadre, acompanyat de c\u00f2pia del document d\u2019identitat de l\u2019interessat.<\/p>\n\n\n\n<ol class=\"wp-block-list\"><li>Qui \u00e9s el responsable del tractament de les teves dades personals?<\/li><\/ol>\n\n\n\n<p>METALLS LLANCA, SL, NIF\/ CIF: B55060370, adre\u00e7a: C\/ Camprodon, 2 17490 Llan\u00e7\u00e0 Girona i correu electr\u00f2nic metallsllanca@gmail.com \u00e9s el RESPONSABLE del tractament de les dades personals de l\u2019USUARI i us informa que aquestes dades seran tractades de conformitat amb el que disposa el Reglament (UE) 2016\/679, de 27 d\u2019abril (GDPR), i la Llei Org\u00e0nica 3\/2018, de 5 de desembre (LOPDGDD).<\/p>\n\n\n\n<ol class=\"wp-block-list\" start=\"2\"><li>Amb quina finalitat es tracten les dades i quina \u00e9s la base que legitima el tractament?<\/li><\/ol>\n\n\n\n<p>Es tracta la informaci\u00f3 que ens faciliten les persones interessades a fi de gestionar l\u2019enviament de la informaci\u00f3 que ens sol\u00b7licitin, podent elaborar-se, si cal, un perfil comercial, en base a la informaci\u00f3 facilitada. Tramitar enc\u00e0rrecs, sol\u00b7licituds, donar resposta a les consultes o qualsevol tipus de petici\u00f3 que sigui realitzada per l\u2019USUARI a trav\u00e9s de qualsevol de les formes de contacte que es posen a la vostra disposici\u00f3 a la p\u00e0gina web del RESPONSABLE.<\/p>\n\n\n\n<ol class=\"wp-block-list\" start=\"3\"><li>Quant de temps es conserven les dades?<\/li><\/ol>\n\n\n\n<p>Les dades personals proporcionades es conservaran mentre es mantingui la relaci\u00f3 mercantil, i no se sol\u00b7licite la supressi\u00f3 per l\u2019interessat. Quan ja no calgui, se suprimiran amb les mesures de seguretat adequades.<\/p>\n\n\n\n<ol class=\"wp-block-list\" start=\"4\"><li>Quins drets hi ha i com exercir-los?<\/li><\/ol>\n\n\n\n<p>Les persones interessades tenen dret a accedir a les seves dades personals, aix\u00ed com a sol\u00b7licitar la rectificaci\u00f3 de les dades inexactes o, si escau, sol\u00b7licitar la seva supressi\u00f3 quan les dades ja no siguin necess\u00e0ries per als fins que van ser recollides. Tamb\u00e9 els interessats en determinades circumst\u00e0ncies podran oposar-se al tractament de les dades. Tamb\u00e9 tindr\u00e0 dret a retirar el consentiment prestat ia reclamar davant de l\u2019Autoritat de Control.<\/p>\n\n\n\n<p>Per exercir els vostres drets cal que us poseu en contacte amb el Responsable a l\u2019adre\u00e7a C\/ Camprodon, 2 17490 Llan\u00e7\u00e0 Girona acompanyat de c\u00f2pia document d\u2019identitat de l\u2019interessat.<\/p>\n\n\n\n<p>La normativa vigent de protecci\u00f3 de dades us empara en una s\u00e8rie de drets en relaci\u00f3 amb l\u2019\u00fas que donem a les vostres dades. Tots i cadascun dels seus drets s\u00f3n unipersonals i intransferibles, \u00e9s a dir, que \u00fanicament poden ser realitzats pel titular de les dades, amb la comprovaci\u00f3 pr\u00e8via de la seva identitat.<\/p>\n\n\n\n<p>A continuaci\u00f3 us indiquem quins s\u00f3n els drets que us assisteixen:<\/p>\n\n\n\n<pre class=\"wp-block-code\"><code>* Sol\u00b7licitar l'ACC\u00c9S a les vostres dades personals.\n* Sol\u00b7licitar la RECTIFICACI\u00d3 de les vostres dades.\n* Sol\u00b7licitar la SUPRESSI\u00d3 o eliminaci\u00f3 de les vostres dades (dret a l'oblit).\n* LIMITAR o OPOSAR-SE a l'\u00fas que donem a les vostres dades.\n* Dret a la PORTABILITAT de les vostres dades per a casos de serveis de telecomunicacions o internet.\n* Dret a RETIRAR el vostre consentiment en qualsevol moment.\n* Tindr\u00e0 dret a presentar una reclamaci\u00f3 davant de l'Ag\u00e8ncia Espanyola de Protecci\u00f3 de Dades a trav\u00e9s de www.aepd.es.<\/code><\/pre>\n\n\n\n<p>Per a l\u2019exercici<\/p>\n","protected":false},"excerpt":{"rendered":"<p>QDQ MEDIA SAU no &eacute;s responsable de la recollida de dades personals als usuaris en aquest apartat, ni ser&agrave; l&rsquo;encarregat del tractament dels mateixos. Als efectes del compliment del Reglament (UE) 2016\/679 del Parlament Europeu, del 27 d&rsquo;abril (GDPR), i la Llei Org&agrave;nica 3\/2018, de Protecci&oacute; de Dades Personals i garantia dels drets digitals de 5 de desembre (LOPDGDD ), [&hellip;]<\/p>\n","protected":false},"author":1,"featured_media":0,"parent":0,"menu_order":0,"comment_status":"closed","ping_status":"closed","template":"","meta":{"_joinchat":[],"footnotes":""},"class_list":["post-1698","page","type-page","status-publish","hentry"],"yoast_head":"<!-- This site is optimized with the Yoast SEO plugin v27.5 - https:\/\/yoast.com\/product\/yoast-seo-wordpress\/ -->\n<title>Pol\u00edtica de Cookies - \u25b6 Venta de toldos en L&#039; Escala<\/title>\n<meta name=\"robots\" content=\"index, follow, max-snippet:-1, max-image-preview:large, max-video-preview:-1\" \/>\n<link rel=\"canonical\" href=\"https:\/\/solexpert.es\/es\/politica-de-cookies-2\/\" \/>\n<meta property=\"og:locale\" content=\"es_ES\" \/>\n<meta property=\"og:type\" content=\"article\" \/>\n<meta property=\"og:title\" content=\"Pol\u00edtica de Cookies - \u25b6 Venta de toldos en L&#039; Escala\" \/>\n<meta property=\"og:description\" content=\"QDQ MEDIA SAU no &eacute;s responsable de la recollida de dades personals als usuaris en aquest apartat, ni ser&agrave; l&rsquo;encarregat del tractament dels mateixos. Als efectes del compliment del Reglament (UE) 2016\/679 del Parlament Europeu, del 27 d&rsquo;abril (GDPR), i la Llei Org&agrave;nica 3\/2018, de Protecci&oacute; de Dades Personals i garantia dels drets digitals de 5 de desembre (LOPDGDD ), [&hellip;]\" \/>\n<meta property=\"og:url\" content=\"https:\/\/solexpert.es\/es\/politica-de-cookies-2\/\" \/>\n<meta property=\"og:site_name\" content=\"\u25b6 Venta de toldos en L&#039; Escala\" \/>\n<meta property=\"article:modified_time\" content=\"2022-02-19T12:30:30+00:00\" \/>\n<meta name=\"twitter:card\" content=\"summary_large_image\" \/>\n<meta name=\"twitter:label1\" content=\"Tiempo de lectura\" \/>\n\t<meta name=\"twitter:data1\" content=\"4 minutos\" \/>\n<script type=\"application\/ld+json\" class=\"yoast-schema-graph\">{\"@context\":\"https:\\\/\\\/schema.org\",\"@graph\":[{\"@type\":\"WebPage\",\"@id\":\"https:\\\/\\\/solexpert.es\\\/es\\\/politica-de-cookies-2\\\/\",\"url\":\"https:\\\/\\\/solexpert.es\\\/es\\\/politica-de-cookies-2\\\/\",\"name\":\"Pol\u00edtica de Cookies - \u25b6 Venta de toldos en L&#039; Escala\",\"isPartOf\":{\"@id\":\"https:\\\/\\\/solexpert.info\\\/#website\"},\"datePublished\":\"2022-02-19T12:30:28+00:00\",\"dateModified\":\"2022-02-19T12:30:30+00:00\",\"breadcrumb\":{\"@id\":\"https:\\\/\\\/solexpert.es\\\/es\\\/politica-de-cookies-2\\\/#breadcrumb\"},\"inLanguage\":\"es\",\"potentialAction\":[{\"@type\":\"ReadAction\",\"target\":[\"https:\\\/\\\/solexpert.es\\\/es\\\/politica-de-cookies-2\\\/\"]}]},{\"@type\":\"BreadcrumbList\",\"@id\":\"https:\\\/\\\/solexpert.es\\\/es\\\/politica-de-cookies-2\\\/#breadcrumb\",\"itemListElement\":[{\"@type\":\"ListItem\",\"position\":1,\"name\":\"Inici\",\"item\":\"https:\\\/\\\/solexpert.es\\\/es\\\/\"},{\"@type\":\"ListItem\",\"position\":2,\"name\":\"Pol\u00edtica de Cookies\"}]},{\"@type\":\"WebSite\",\"@id\":\"https:\\\/\\\/solexpert.info\\\/#website\",\"url\":\"https:\\\/\\\/solexpert.info\\\/\",\"name\":\"\u25b6 Venta de toldos en L&#039; Escala\",\"description\":\"\",\"publisher\":{\"@id\":\"https:\\\/\\\/solexpert.info\\\/#organization\"},\"potentialAction\":[{\"@type\":\"SearchAction\",\"target\":{\"@type\":\"EntryPoint\",\"urlTemplate\":\"https:\\\/\\\/solexpert.info\\\/?s={search_term_string}\"},\"query-input\":{\"@type\":\"PropertyValueSpecification\",\"valueRequired\":true,\"valueName\":\"search_term_string\"}}],\"inLanguage\":\"es\"},{\"@type\":\"Organization\",\"@id\":\"https:\\\/\\\/solexpert.info\\\/#organization\",\"name\":\"\u25b6 Venta de toldos en L&#039; Escala\",\"url\":\"https:\\\/\\\/solexpert.info\\\/\",\"logo\":{\"@type\":\"ImageObject\",\"inLanguage\":\"es\",\"@id\":\"https:\\\/\\\/solexpert.info\\\/#\\\/schema\\\/logo\\\/image\\\/\",\"url\":\"https:\\\/\\\/solexpert.es\\\/wp-content\\\/uploads\\\/2022\\\/04\\\/logo.png\",\"contentUrl\":\"https:\\\/\\\/solexpert.es\\\/wp-content\\\/uploads\\\/2022\\\/04\\\/logo.png\",\"width\":890,\"height\":500,\"caption\":\"\u25b6 Venta de toldos en L&#039; Escala\"},\"image\":{\"@id\":\"https:\\\/\\\/solexpert.info\\\/#\\\/schema\\\/logo\\\/image\\\/\"}}]}<\/script>\n<!-- \/ Yoast SEO plugin. -->","yoast_head_json":{"title":"Pol\u00edtica de Cookies - \u25b6 Venta de toldos en L&#039; Escala","robots":{"index":"index","follow":"follow","max-snippet":"max-snippet:-1","max-image-preview":"max-image-preview:large","max-video-preview":"max-video-preview:-1"},"canonical":"https:\/\/solexpert.es\/es\/politica-de-cookies-2\/","og_locale":"es_ES","og_type":"article","og_title":"Pol\u00edtica de Cookies - \u25b6 Venta de toldos en L&#039; Escala","og_description":"QDQ MEDIA SAU no &eacute;s responsable de la recollida de dades personals als usuaris en aquest apartat, ni ser&agrave; l&rsquo;encarregat del tractament dels mateixos. Als efectes del compliment del Reglament (UE) 2016\/679 del Parlament Europeu, del 27 d&rsquo;abril (GDPR), i la Llei Org&agrave;nica 3\/2018, de Protecci&oacute; de Dades Personals i garantia dels drets digitals de 5 de desembre (LOPDGDD ), [&hellip;]","og_url":"https:\/\/solexpert.es\/es\/politica-de-cookies-2\/","og_site_name":"\u25b6 Venta de toldos en L&#039; Escala","article_modified_time":"2022-02-19T12:30:30+00:00","twitter_card":"summary_large_image","twitter_misc":{"Tiempo de lectura":"4 minutos"},"schema":{"@context":"https:\/\/schema.org","@graph":[{"@type":"WebPage","@id":"https:\/\/solexpert.es\/es\/politica-de-cookies-2\/","url":"https:\/\/solexpert.es\/es\/politica-de-cookies-2\/","name":"Pol\u00edtica de Cookies - \u25b6 Venta de toldos en L&#039; Escala","isPartOf":{"@id":"https:\/\/solexpert.info\/#website"},"datePublished":"2022-02-19T12:30:28+00:00","dateModified":"2022-02-19T12:30:30+00:00","breadcrumb":{"@id":"https:\/\/solexpert.es\/es\/politica-de-cookies-2\/#breadcrumb"},"inLanguage":"es","potentialAction":[{"@type":"ReadAction","target":["https:\/\/solexpert.es\/es\/politica-de-cookies-2\/"]}]},{"@type":"BreadcrumbList","@id":"https:\/\/solexpert.es\/es\/politica-de-cookies-2\/#breadcrumb","itemListElement":[{"@type":"ListItem","position":1,"name":"Inici","item":"https:\/\/solexpert.es\/es\/"},{"@type":"ListItem","position":2,"name":"Pol\u00edtica de Cookies"}]},{"@type":"WebSite","@id":"https:\/\/solexpert.info\/#website","url":"https:\/\/solexpert.info\/","name":"\u25b6 Venta de toldos en L&#039; Escala","description":"","publisher":{"@id":"https:\/\/solexpert.info\/#organization"},"potentialAction":[{"@type":"SearchAction","target":{"@type":"EntryPoint","urlTemplate":"https:\/\/solexpert.info\/?s={search_term_string}"},"query-input":{"@type":"PropertyValueSpecification","valueRequired":true,"valueName":"search_term_string"}}],"inLanguage":"es"},{"@type":"Organization","@id":"https:\/\/solexpert.info\/#organization","name":"\u25b6 Venta de toldos en L&#039; Escala","url":"https:\/\/solexpert.info\/","logo":{"@type":"ImageObject","inLanguage":"es","@id":"https:\/\/solexpert.info\/#\/schema\/logo\/image\/","url":"https:\/\/solexpert.es\/wp-content\/uploads\/2022\/04\/logo.png","contentUrl":"https:\/\/solexpert.es\/wp-content\/uploads\/2022\/04\/logo.png","width":890,"height":500,"caption":"\u25b6 Venta de toldos en L&#039; Escala"},"image":{"@id":"https:\/\/solexpert.info\/#\/schema\/logo\/image\/"}}]}},"_links":{"self":[{"href":"https:\/\/solexpert.es\/es\/wp-json\/wp\/v2\/pages\/1698","targetHints":{"allow":["GET"]}}],"collection":[{"href":"https:\/\/solexpert.es\/es\/wp-json\/wp\/v2\/pages"}],"about":[{"href":"https:\/\/solexpert.es\/es\/wp-json\/wp\/v2\/types\/page"}],"author":[{"embeddable":true,"href":"https:\/\/solexpert.es\/es\/wp-json\/wp\/v2\/users\/1"}],"replies":[{"embeddable":true,"href":"https:\/\/solexpert.es\/es\/wp-json\/wp\/v2\/comments?post=1698"}],"version-history":[{"count":1,"href":"https:\/\/solexpert.es\/es\/wp-json\/wp\/v2\/pages\/1698\/revisions"}],"predecessor-version":[{"id":1699,"href":"https:\/\/solexpert.es\/es\/wp-json\/wp\/v2\/pages\/1698\/revisions\/1699"}],"wp:attachment":[{"href":"https:\/\/solexpert.es\/es\/wp-json\/wp\/v2\/media?parent=1698"}],"curies":[{"name":"wp","href":"https:\/\/api.w.org\/{rel}","templated":true}]}}