{"id":3396,"date":"2022-03-29T18:51:55","date_gmt":"2022-03-29T18:51:55","guid":{"rendered":"http:\/\/solexpert.angelquereda.com\/?page_id=3396"},"modified":"2022-08-04T20:34:47","modified_gmt":"2022-08-04T20:34:47","slug":"politica-de-privacidad","status":"publish","type":"page","link":"https:\/\/solexpert.es\/es\/politica-de-privacidad\/","title":{"rendered":"Pol\u00edtica de privacidad"},"content":{"rendered":"\t\t<div data-elementor-type=\"wp-page\" data-elementor-id=\"3396\" class=\"elementor elementor-3396\" data-elementor-post-type=\"page\">\n\t\t\t\t\t\t<section class=\"elementor-section elementor-top-section elementor-element elementor-element-6d8f180c elementor-section-full_width elementor-section-height-default elementor-section-height-default\" data-id=\"6d8f180c\" data-element_type=\"section\" data-e-type=\"section\" data-settings=\"{&quot;background_background&quot;:&quot;classic&quot;}\">\n\t\t\t\t\t\t\t<div class=\"elementor-background-overlay\"><\/div>\n\t\t\t\t\t\t\t<div class=\"elementor-container elementor-column-gap-no\">\n\t\t\t\t\t<div class=\"elementor-column elementor-col-100 elementor-top-column elementor-element elementor-element-4ed57414\" data-id=\"4ed57414\" data-element_type=\"column\" data-e-type=\"column\">\n\t\t\t<div class=\"elementor-widget-wrap elementor-element-populated\">\n\t\t\t\t\t\t<div class=\"elementor-element elementor-element-13dce683 elementor-widget elementor-widget-heading\" data-id=\"13dce683\" data-element_type=\"widget\" data-e-type=\"widget\" data-widget_type=\"heading.default\">\n\t\t\t\t<div class=\"elementor-widget-container\">\n\t\t\t\t\t<h2 class=\"elementor-heading-title elementor-size-default\">Pol\u00edtica de privacitat<\/h2>\t\t\t\t<\/div>\n\t\t\t\t<\/div>\n\t\t\t\t\t<\/div>\n\t\t<\/div>\n\t\t\t\t\t<\/div>\n\t\t<\/section>\n\t\t\t\t<section class=\"elementor-section elementor-top-section elementor-element elementor-element-727f2351 elementor-section-boxed elementor-section-height-default elementor-section-height-default\" data-id=\"727f2351\" data-element_type=\"section\" data-e-type=\"section\">\n\t\t\t\t\t\t<div class=\"elementor-container elementor-column-gap-default\">\n\t\t\t\t\t<div class=\"elementor-column elementor-col-100 elementor-top-column elementor-element elementor-element-13110a78\" data-id=\"13110a78\" data-element_type=\"column\" data-e-type=\"column\">\n\t\t\t<div class=\"elementor-widget-wrap elementor-element-populated\">\n\t\t\t\t\t\t<div class=\"elementor-element elementor-element-11816ca elementor-widget elementor-widget-text-editor\" data-id=\"11816ca\" data-element_type=\"widget\" data-e-type=\"widget\" data-widget_type=\"text-editor.default\">\n\t\t\t\t<div class=\"elementor-widget-container\">\n\t\t\t\t\t\t\t\t\t<div id=\"r5002\" class=\"row designRow\">\n<div class=\"container container-fluid\">\n<div class=\"col col-sm-12\">\n<div id=\"r2474\" class=\"row \">\n<div class=\"container container-fixed\">\n<div class=\"col col-sm-12 col-md-12\">\n<div class=\"module text\">\n<h2 class=\"subtitle\">Pol\u00edtica de privacitat<\/h2>\n<\/div>\n<div class=\"module text\">\n<p class=\"bodytext\">\u00daS I TRACTAMENT DE DADES DE CAR\u00c0CTER PERSONAL<\/p>\n<p class=\"bodytext\">Us informem que les dades de car\u00e0cter personal que poguessin proporcionar-se, a trav\u00e9s d&#8217;aquest lloc web, aix\u00ed com les que pogu\u00e9s facilitar en el futur en el marc de la seva relaci\u00f3 jur\u00eddica amb aquesta entitat, seran incorporades a la nostra base de dades. S&#8217;informa sobre els extrems seg\u00fcents relatius a la protecci\u00f3 de dades:<\/p>\n\n<ol class=\"bodytext\">\n \t<li class=\"bodytext\">Responsable del tractament: Som responsables de les dades recollides al formulari corresponent.<\/li>\n \t<li class=\"bodytext\">Necessitat del tractament: La comunicaci\u00f3 de les vostres dades a trav\u00e9s del formulari corresponent \u00e9s obligat\u00f2ria per a poder contactar.<\/li>\n \t<li class=\"bodytext\">Finalitats del tractament i legitimaci\u00f3 del tractament:\n<ul class=\"bodytext\">\n \t<li class=\"bodytext\">Gestionar, administrar, prestar-li els serveis o facilitar-li els productes que sol\u00b7licite i, si escau, per al compliment i execuci\u00f3 dels contractes que poguera subscriure, con\u00e8ixer millor els seus gustos, adequar els serveis a les seues prefer\u00e8ncies.<\/li>\n \t<li class=\"bodytext\">Enviar-lo, per correu postal, correu electr\u00f2nic i altres mitjans de comunicaci\u00f3 electr\u00f2nica equivalent, comunicacions comercials i publicit\u00e0ries sobre els nostres productes i\/o serveis.<\/li>\n<\/ul>\n<\/li>\n \t<li class=\"bodytext\">Destinataris: Contractem amb alguna entitat que presten serveis com els de manteniment i hosting, a trav\u00e9s de contractes d&#8217;enc\u00e0rrec del tractament per donar suport a les finalitats de tractament indicades.<\/li> \n \t<li class=\"bodytext\">Termini de conservaci\u00f3 de dades: Conservarem les vostres dades mentre es mantingui el tractament i no sol\u00b7liciteu la supressi\u00f3 de les dades.<\/li>\n \t<li class=\"bodytext\">Drets: Podr\u00e0 exercitar els drets d&#8217;acc\u00e9s, rectificaci\u00f3, supressi\u00f3, limitaci\u00f3 al tractament, oposici\u00f3, portabilitat i dret a no ser objecte d&#8217;una decisi\u00f3 basada \u00fanicament en el tractament automatitzat, mitjan\u00e7ant comunicaci\u00f3 escrita al domicili indicat a l&#8217;av\u00eds legal ia revocar-ne el consentiment sense efectes retroactius o oposar-se a la recepci\u00f3 de comunicacions comercials publicit\u00e0ries per correu electr\u00f2nic i altres mitjans de comunicaci\u00f3 electr\u00f2nica equivalent, enviant ja presentar una reclamaci\u00f3 davant de l&#8217;Autoritat de control, a Espanya, l&#8217;Ag\u00e8ncia Espanyola de Protecci\u00f3 de Dades.<\/li>\n \t<li class=\"bodytext\">Modificaci\u00f3 de la pol\u00edtica de privadesa: Ens reservem el dret a modificar la seva Pol\u00edtica de Privadesa, d&#8217;acord amb el nostre propi criteri, o motivat per un canvi doctrinal de l&#8217;Autoritat competent en Protecci\u00f3 de Dades, legislatiu o jurisprudencial. L&#8217;\u00fas de la Web despr\u00e9s d&#8217;aquests canvis implicar\u00e0 acceptar-los.<\/li>\n \t<li class=\"bodytext\">Legislaci\u00f3 aplicable: Qualsevol controv\u00e8rsia que es derivi de l\u00fas daquest Site, ser\u00e0 regida, interpretada i sotmesa dacord amb les lleis d&#8217; Espanya.<\/li>\n<\/ol>\n<\/div>\n<\/div>\n<\/div>\n<\/div>\n<\/div>\n<\/div>\n<\/div>\t\t\t\t\t\t\t\t<\/div>\n\t\t\t\t<\/div>\n\t\t\t\t\t<\/div>\n\t\t<\/div>\n\t\t\t\t\t<\/div>\n\t\t<\/section>\n\t\t\t\t<\/div>\n\t\t","protected":false},"excerpt":{"rendered":"<p>Pol&iacute;tica de privacitat Pol&iacute;tica de privacitat &Uacute;S I TRACTAMENT DE DADES DE CAR&Agrave;CTER PERSONAL Us informem que les dades de car&agrave;cter personal que poguessin proporcionar-se, a trav&eacute;s d&rsquo;aquest lloc web, aix&iacute; com les que pogu&eacute;s facilitar en el futur en el marc de la seva relaci&oacute; jur&iacute;dica amb aquesta entitat, seran incorporades a la nostra base de dades. S&rsquo;informa sobre [&hellip;]<\/p>\n","protected":false},"author":1,"featured_media":0,"parent":0,"menu_order":0,"comment_status":"closed","ping_status":"closed","template":"elementor_header_footer","meta":{"_joinchat":[],"footnotes":""},"class_list":["post-3396","page","type-page","status-publish","hentry"],"yoast_head":"<!-- This site is optimized with the Yoast SEO plugin v27.5 - https:\/\/yoast.com\/product\/yoast-seo-wordpress\/ -->\n<title>Pol\u00edtica de privacidad - \u25b6 Venta de toldos en L&#039; Escala<\/title>\n<meta name=\"robots\" content=\"index, follow, max-snippet:-1, max-image-preview:large, max-video-preview:-1\" \/>\n<link rel=\"canonical\" href=\"https:\/\/solexpert.es\/es\/politica-de-privacidad\/\" \/>\n<meta property=\"og:locale\" content=\"es_ES\" \/>\n<meta property=\"og:type\" content=\"article\" \/>\n<meta property=\"og:title\" content=\"Pol\u00edtica de privacidad - \u25b6 Venta de toldos en L&#039; Escala\" \/>\n<meta property=\"og:description\" content=\"Pol&iacute;tica de privacitat Pol&iacute;tica de privacitat &Uacute;S I TRACTAMENT DE DADES DE CAR&Agrave;CTER PERSONAL Us informem que les dades de car&agrave;cter personal que poguessin proporcionar-se, a trav&eacute;s d&rsquo;aquest lloc web, aix&iacute; com les que pogu&eacute;s facilitar en el futur en el marc de la seva relaci&oacute; jur&iacute;dica amb aquesta entitat, seran incorporades a la nostra base de dades. S&rsquo;informa sobre [&hellip;]\" \/>\n<meta property=\"og:url\" content=\"https:\/\/solexpert.es\/es\/politica-de-privacidad\/\" \/>\n<meta property=\"og:site_name\" content=\"\u25b6 Venta de toldos en L&#039; Escala\" \/>\n<meta property=\"article:modified_time\" content=\"2022-08-04T20:34:47+00:00\" \/>\n<meta name=\"twitter:card\" content=\"summary_large_image\" \/>\n<meta name=\"twitter:label1\" content=\"Tiempo de lectura\" \/>\n\t<meta name=\"twitter:data1\" content=\"3 minutos\" \/>\n<script type=\"application\/ld+json\" class=\"yoast-schema-graph\">{\"@context\":\"https:\\\/\\\/schema.org\",\"@graph\":[{\"@type\":\"WebPage\",\"@id\":\"https:\\\/\\\/solexpert.es\\\/es\\\/politica-de-privacidad\\\/\",\"url\":\"https:\\\/\\\/solexpert.es\\\/es\\\/politica-de-privacidad\\\/\",\"name\":\"Pol\u00edtica de privacidad - \u25b6 Venta de toldos en L&#039; Escala\",\"isPartOf\":{\"@id\":\"https:\\\/\\\/solexpert.info\\\/#website\"},\"datePublished\":\"2022-03-29T18:51:55+00:00\",\"dateModified\":\"2022-08-04T20:34:47+00:00\",\"breadcrumb\":{\"@id\":\"https:\\\/\\\/solexpert.es\\\/es\\\/politica-de-privacidad\\\/#breadcrumb\"},\"inLanguage\":\"es\",\"potentialAction\":[{\"@type\":\"ReadAction\",\"target\":[\"https:\\\/\\\/solexpert.es\\\/es\\\/politica-de-privacidad\\\/\"]}]},{\"@type\":\"BreadcrumbList\",\"@id\":\"https:\\\/\\\/solexpert.es\\\/es\\\/politica-de-privacidad\\\/#breadcrumb\",\"itemListElement\":[{\"@type\":\"ListItem\",\"position\":1,\"name\":\"Inici\",\"item\":\"https:\\\/\\\/solexpert.es\\\/es\\\/\"},{\"@type\":\"ListItem\",\"position\":2,\"name\":\"Pol\u00edtica de privacidad\"}]},{\"@type\":\"WebSite\",\"@id\":\"https:\\\/\\\/solexpert.info\\\/#website\",\"url\":\"https:\\\/\\\/solexpert.info\\\/\",\"name\":\"\u25b6 Venta de toldos en L&#039; Escala\",\"description\":\"\",\"publisher\":{\"@id\":\"https:\\\/\\\/solexpert.info\\\/#organization\"},\"potentialAction\":[{\"@type\":\"SearchAction\",\"target\":{\"@type\":\"EntryPoint\",\"urlTemplate\":\"https:\\\/\\\/solexpert.info\\\/?s={search_term_string}\"},\"query-input\":{\"@type\":\"PropertyValueSpecification\",\"valueRequired\":true,\"valueName\":\"search_term_string\"}}],\"inLanguage\":\"es\"},{\"@type\":\"Organization\",\"@id\":\"https:\\\/\\\/solexpert.info\\\/#organization\",\"name\":\"\u25b6 Venta de toldos en L&#039; Escala\",\"url\":\"https:\\\/\\\/solexpert.info\\\/\",\"logo\":{\"@type\":\"ImageObject\",\"inLanguage\":\"es\",\"@id\":\"https:\\\/\\\/solexpert.info\\\/#\\\/schema\\\/logo\\\/image\\\/\",\"url\":\"https:\\\/\\\/solexpert.es\\\/wp-content\\\/uploads\\\/2022\\\/04\\\/logo.png\",\"contentUrl\":\"https:\\\/\\\/solexpert.es\\\/wp-content\\\/uploads\\\/2022\\\/04\\\/logo.png\",\"width\":890,\"height\":500,\"caption\":\"\u25b6 Venta de toldos en L&#039; Escala\"},\"image\":{\"@id\":\"https:\\\/\\\/solexpert.info\\\/#\\\/schema\\\/logo\\\/image\\\/\"}}]}<\/script>\n<!-- \/ Yoast SEO plugin. -->","yoast_head_json":{"title":"Pol\u00edtica de privacidad - \u25b6 Venta de toldos en L&#039; Escala","robots":{"index":"index","follow":"follow","max-snippet":"max-snippet:-1","max-image-preview":"max-image-preview:large","max-video-preview":"max-video-preview:-1"},"canonical":"https:\/\/solexpert.es\/es\/politica-de-privacidad\/","og_locale":"es_ES","og_type":"article","og_title":"Pol\u00edtica de privacidad - \u25b6 Venta de toldos en L&#039; Escala","og_description":"Pol&iacute;tica de privacitat Pol&iacute;tica de privacitat &Uacute;S I TRACTAMENT DE DADES DE CAR&Agrave;CTER PERSONAL Us informem que les dades de car&agrave;cter personal que poguessin proporcionar-se, a trav&eacute;s d&rsquo;aquest lloc web, aix&iacute; com les que pogu&eacute;s facilitar en el futur en el marc de la seva relaci&oacute; jur&iacute;dica amb aquesta entitat, seran incorporades a la nostra base de dades. S&rsquo;informa sobre [&hellip;]","og_url":"https:\/\/solexpert.es\/es\/politica-de-privacidad\/","og_site_name":"\u25b6 Venta de toldos en L&#039; Escala","article_modified_time":"2022-08-04T20:34:47+00:00","twitter_card":"summary_large_image","twitter_misc":{"Tiempo de lectura":"3 minutos"},"schema":{"@context":"https:\/\/schema.org","@graph":[{"@type":"WebPage","@id":"https:\/\/solexpert.es\/es\/politica-de-privacidad\/","url":"https:\/\/solexpert.es\/es\/politica-de-privacidad\/","name":"Pol\u00edtica de privacidad - \u25b6 Venta de toldos en L&#039; Escala","isPartOf":{"@id":"https:\/\/solexpert.info\/#website"},"datePublished":"2022-03-29T18:51:55+00:00","dateModified":"2022-08-04T20:34:47+00:00","breadcrumb":{"@id":"https:\/\/solexpert.es\/es\/politica-de-privacidad\/#breadcrumb"},"inLanguage":"es","potentialAction":[{"@type":"ReadAction","target":["https:\/\/solexpert.es\/es\/politica-de-privacidad\/"]}]},{"@type":"BreadcrumbList","@id":"https:\/\/solexpert.es\/es\/politica-de-privacidad\/#breadcrumb","itemListElement":[{"@type":"ListItem","position":1,"name":"Inici","item":"https:\/\/solexpert.es\/es\/"},{"@type":"ListItem","position":2,"name":"Pol\u00edtica de privacidad"}]},{"@type":"WebSite","@id":"https:\/\/solexpert.info\/#website","url":"https:\/\/solexpert.info\/","name":"\u25b6 Venta de toldos en L&#039; Escala","description":"","publisher":{"@id":"https:\/\/solexpert.info\/#organization"},"potentialAction":[{"@type":"SearchAction","target":{"@type":"EntryPoint","urlTemplate":"https:\/\/solexpert.info\/?s={search_term_string}"},"query-input":{"@type":"PropertyValueSpecification","valueRequired":true,"valueName":"search_term_string"}}],"inLanguage":"es"},{"@type":"Organization","@id":"https:\/\/solexpert.info\/#organization","name":"\u25b6 Venta de toldos en L&#039; Escala","url":"https:\/\/solexpert.info\/","logo":{"@type":"ImageObject","inLanguage":"es","@id":"https:\/\/solexpert.info\/#\/schema\/logo\/image\/","url":"https:\/\/solexpert.es\/wp-content\/uploads\/2022\/04\/logo.png","contentUrl":"https:\/\/solexpert.es\/wp-content\/uploads\/2022\/04\/logo.png","width":890,"height":500,"caption":"\u25b6 Venta de toldos en L&#039; Escala"},"image":{"@id":"https:\/\/solexpert.info\/#\/schema\/logo\/image\/"}}]}},"_links":{"self":[{"href":"https:\/\/solexpert.es\/es\/wp-json\/wp\/v2\/pages\/3396","targetHints":{"allow":["GET"]}}],"collection":[{"href":"https:\/\/solexpert.es\/es\/wp-json\/wp\/v2\/pages"}],"about":[{"href":"https:\/\/solexpert.es\/es\/wp-json\/wp\/v2\/types\/page"}],"author":[{"embeddable":true,"href":"https:\/\/solexpert.es\/es\/wp-json\/wp\/v2\/users\/1"}],"replies":[{"embeddable":true,"href":"https:\/\/solexpert.es\/es\/wp-json\/wp\/v2\/comments?post=3396"}],"version-history":[{"count":27,"href":"https:\/\/solexpert.es\/es\/wp-json\/wp\/v2\/pages\/3396\/revisions"}],"predecessor-version":[{"id":6280,"href":"https:\/\/solexpert.es\/es\/wp-json\/wp\/v2\/pages\/3396\/revisions\/6280"}],"wp:attachment":[{"href":"https:\/\/solexpert.es\/es\/wp-json\/wp\/v2\/media?parent=3396"}],"curies":[{"name":"wp","href":"https:\/\/api.w.org\/{rel}","templated":true}]}}